{"id":125967,"date":"2022-09-20T06:26:53","date_gmt":"2022-09-20T06:26:53","guid":{"rendered":"https:\/\/cernelic.hr\/proizvod\/cabin-systems-by-schonbuch\/"},"modified":"2023-12-08T11:09:45","modified_gmt":"2023-12-08T11:09:45","slug":"cabin-systems-by-schonbuch","status":"publish","type":"product","link":"https:\/\/cernelic.hr\/en\/proizvod\/cabin-systems-by-schonbuch\/","title":{"rendered":"CABIN Systems by Sch\u00f6nbuch"},"content":{"rendered":"<p>Izra\u0111en po mjeri. Puristi\u010dki sustav za pohranjivanje CABIN sastoji se od potpuno prilagodljivih, pojedina\u010dnih modula sa \u0161irokim rasponom mogu\u0107nosti unutarnjeg postavljanja.<br \/>\nCABIN je idealan uredski namje\u0161taj po mjeri, ali se tako\u0111er mo\u017ee koristiti za pohranjivanje jakna, kaputa, torbi i sli\u010dno. Samostoje\u0107i ili postavljen na zidu, na najbolji mogu\u0107i na\u010din iskori\u0161tava raspolo\u017eivi prostor.<\/p>\n","protected":false},"excerpt":{"rendered":"<p>Izra\u0111en po mjeri. Puristi\u010dki sustav za pohranjivanje CABIN sastoji se od potpuno prilagodljivih, pojedina\u010dnih modula sa \u0161irokim rasponom mogu\u0107nosti unutarnjeg postavljanja. CABIN je idealan uredski namje\u0161taj po mjeri, ali se tako\u0111er mo\u017ee koristiti za pohranjivanje jakna, kaputa, torbi i sli\u010dno. Samostoje\u0107i ili postavljen na zidu, na najbolji mogu\u0107i na\u010din iskori\u0161tava raspolo\u017eivi prostor.<\/p>\n","protected":false},"featured_media":124924,"template":"","meta":{"_acf_changed":false},"product_brand":[],"product_cat":[3263,3261,3041,3264,3166,2171,3165,2061,2068,2073,2092,3262],"product_tag":[],"berocket_brand":[3259],"class_list":{"0":"post-125967","1":"product","2":"type-product","3":"status-publish","4":"has-post-thumbnail","6":"product_cat-arhive-i-garderobe","7":"product_cat-garderobni-ormari","8":"product_cat-horeca-prostori","9":"product_cat-namjestaj-za-odlaganje-i-arhiviranje-ormari","10":"product_cat-ormari-i-komode-rezidencijalni","11":"product_cat-ormari-i-komode","12":"product_cat-ormari-i-komode-horeca-prostori","13":"product_cat-proizvodi","14":"product_cat-prostori","15":"product_cat-rezidencijalni","16":"product_cat-uredi","17":"product_cat-uredski-ormari","18":"berocket_brand-schonbuch","20":"first","21":"instock","22":"product-type-grouped"},"acf":[],"_links":{"self":[{"href":"https:\/\/cernelic.hr\/en\/wp-json\/wp\/v2\/product\/125967","targetHints":{"allow":["GET"]}}],"collection":[{"href":"https:\/\/cernelic.hr\/en\/wp-json\/wp\/v2\/product"}],"about":[{"href":"https:\/\/cernelic.hr\/en\/wp-json\/wp\/v2\/types\/product"}],"wp:featuredmedia":[{"embeddable":true,"href":"https:\/\/cernelic.hr\/en\/wp-json\/wp\/v2\/media\/124924"}],"wp:attachment":[{"href":"https:\/\/cernelic.hr\/en\/wp-json\/wp\/v2\/media?parent=125967"}],"wp:term":[{"taxonomy":"product_brand","embeddable":true,"href":"https:\/\/cernelic.hr\/en\/wp-json\/wp\/v2\/product_brand?post=125967"},{"taxonomy":"product_cat","embeddable":true,"href":"https:\/\/cernelic.hr\/en\/wp-json\/wp\/v2\/product_cat?post=125967"},{"taxonomy":"product_tag","embeddable":true,"href":"https:\/\/cernelic.hr\/en\/wp-json\/wp\/v2\/product_tag?post=125967"},{"taxonomy":"berocket_brand","embeddable":true,"href":"https:\/\/cernelic.hr\/en\/wp-json\/wp\/v2\/berocket_brand?post=125967"}],"curies":[{"name":"wp","href":"https:\/\/api.w.org\/{rel}","templated":true}]}}