{"id":92278,"date":"2021-03-19T12:24:49","date_gmt":"2021-03-19T12:24:49","guid":{"rendered":"https:\/\/cernelic.hr\/katalog\/Bez%20kategorije\/large-by-cernelic-2\/"},"modified":"2023-12-07T15:54:15","modified_gmt":"2023-12-07T15:54:15","slug":"go-large-by-bt","status":"publish","type":"product","link":"https:\/\/cernelic.hr\/en\/proizvod\/go-large-by-bt\/","title":{"rendered":"GO LARGE by B&#038;T"},"content":{"rendered":"<p>\u201eLarge\u201c je usmjeren na udobno le\u017eanje. Tapecirani nasloni za ruke omotani su oko izlo\u017eenog okvira od nehr\u0111aju\u0107eg \u010delika. Taj kontrast pru\u017ea vrlo jedinstven izgled za ovu liniju trosjeda. Dostupne su jednostruke, dvostruke i trostruke verzije. Velika obitelj trosjeda mo\u017ee se naru\u010diti s manjim jastucima kontrastnih boja.<br \/>\nIzra\u0111en je od komercijalne poliuretanske injekcijske pjene zajedno s metalnim okvirom i \u010deli\u010dnim oprugama. Sa svojim inovativnim dizajnom \u201eLarge\u201c je vrlo pogodan za moderna predvorja; \u010dekaonice, sobe za odmor ili bilo kakve suvremeno dizajnirane domove. Garniture za sjedenje poput ove idu ruku pod ruku s dobrim ukusom: ugradite ga i u Va\u0161e projektiranje stana.<\/p>\n","protected":false},"excerpt":{"rendered":"<p>\u201eLarge\u201c je usmjeren na udobno le\u017eanje. Tapecirani nasloni za ruke omotani su oko izlo\u017eenog okvira od nehr\u0111aju\u0107eg \u010delika. Taj kontrast pru\u017ea vrlo jedinstven izgled za ovu liniju trosjeda. Dostupne su jednostruke, dvostruke i trostruke verzije. Velika obitelj trosjeda mo\u017ee se naru\u010diti s manjim jastucima kontrastnih boja. Izra\u0111en je od komercijalne poliuretanske injekcijske pjene zajedno s [&hellip;]<\/p>\n","protected":false},"featured_media":41322,"template":"","meta":{"_acf_changed":false},"product_brand":[],"product_cat":[2111,2062,2105,2085,2061,2082,2086,2068,2117,2101,2108,2103,2094,2073,2092],"product_tag":[],"berocket_brand":[1324],"class_list":{"0":"post-92278","1":"product","2":"type-product","3":"status-publish","4":"has-post-thumbnail","6":"product_cat-dvorane","7":"product_cat-fotelje-i-garniture-za-sjedenje","8":"product_cat-javni","9":"product_cat-namjestaj-za-urede","10":"product_cat-proizvodi","11":"product_cat-proizvodi-fotelje-garniture-fotelje-i-garniture-unutarnje-prostore","12":"product_cat-proizvodi-namjestaj-za-urede-fotelje-garniture-za-neformalne-sastanke","13":"product_cat-prostori","14":"product_cat-prostori-dvorane-fotelje-i-garniture-za-unutarnje-prostore","15":"product_cat-prostori-horeca-fotelje-i-garniture-za-unutarnje-prostore","16":"product_cat-prostori-javni-fotelje-i-garniture-za-unutarnje-prostore","17":"product_cat-prostori-rezidencijalni-fotelje-i-garniture-za-unutarnje-prostore","18":"product_cat-prostori-uredi-fotelje-i-garniture-za-sjedenje","19":"product_cat-rezidencijalni","20":"product_cat-uredi","21":"berocket_brand-bt","23":"first","24":"instock","25":"product-type-grouped"},"acf":[],"_links":{"self":[{"href":"https:\/\/cernelic.hr\/en\/wp-json\/wp\/v2\/product\/92278","targetHints":{"allow":["GET"]}}],"collection":[{"href":"https:\/\/cernelic.hr\/en\/wp-json\/wp\/v2\/product"}],"about":[{"href":"https:\/\/cernelic.hr\/en\/wp-json\/wp\/v2\/types\/product"}],"wp:featuredmedia":[{"embeddable":true,"href":"https:\/\/cernelic.hr\/en\/wp-json\/wp\/v2\/media\/41322"}],"wp:attachment":[{"href":"https:\/\/cernelic.hr\/en\/wp-json\/wp\/v2\/media?parent=92278"}],"wp:term":[{"taxonomy":"product_brand","embeddable":true,"href":"https:\/\/cernelic.hr\/en\/wp-json\/wp\/v2\/product_brand?post=92278"},{"taxonomy":"product_cat","embeddable":true,"href":"https:\/\/cernelic.hr\/en\/wp-json\/wp\/v2\/product_cat?post=92278"},{"taxonomy":"product_tag","embeddable":true,"href":"https:\/\/cernelic.hr\/en\/wp-json\/wp\/v2\/product_tag?post=92278"},{"taxonomy":"berocket_brand","embeddable":true,"href":"https:\/\/cernelic.hr\/en\/wp-json\/wp\/v2\/berocket_brand?post=92278"}],"curies":[{"name":"wp","href":"https:\/\/api.w.org\/{rel}","templated":true}]}}