{"id":92321,"date":"2021-03-19T12:31:12","date_gmt":"2021-03-19T12:31:12","guid":{"rendered":"https:\/\/cernelic.hr\/katalog\/Bez%20kategorije\/theodor-by-cernelic-2\/"},"modified":"2023-12-08T02:16:38","modified_gmt":"2023-12-08T02:16:38","slug":"theo-by-bt","status":"publish","type":"product","link":"https:\/\/cernelic.hr\/en\/proizvod\/theo-by-bt\/","title":{"rendered":"THEO by B&amp;T"},"content":{"rendered":"<p>Bogat vizualnom privla\u010dno\u0161\u0107u i svestrano\u0161\u0107u &#8211; dizajn stvoren za stolove za kavu koji podr\u017eava svaki stil ure\u0111enja stana. \u201eTheodor\u201c serija stoli\u0107a za kavu donosi besprijekorne opcije s pet razli\u010ditih alternativa, ovisno o opsegu i stilu interijera.<br \/>\nStoli\u0107i \u201eTheodor\u201c iako su podr\u0161ka niskom sjedenju, korisnicima nude dodatni funkcionalni prostor. Dok se gornja povr\u0161ina mo\u017ee koristiti za poslu\u017eivanje poslastica ili izlaganje ukrasnih predmeta, donja povr\u0161ina slu\u017ei kao spremi\u0161te za knjige i \u010dasopise.<\/p>\n","protected":false},"excerpt":{"rendered":"<p>Bogat vizualnom privla\u010dno\u0161\u0107u i svestrano\u0161\u0107u &#8211; dizajn stvoren za stolove za kavu koji podr\u017eava svaki stil ure\u0111enja stana. \u201eTheodor\u201c serija stoli\u0107a za kavu donosi besprijekorne opcije s pet razli\u010ditih alternativa, ovisno o opsegu i stilu interijera. Stoli\u0107i \u201eTheodor\u201c iako su podr\u0161ka niskom sjedenju, korisnicima nude dodatni funkcionalni prostor. Dok se gornja povr\u0161ina mo\u017ee koristiti za [&hellip;]<\/p>\n","protected":false},"featured_media":91578,"template":"","meta":{"_acf_changed":false},"product_brand":[],"product_cat":[2105,2119,2061,2068,2138,2140,2121,2139,2073,2118,2135],"product_tag":[],"berocket_brand":[1324],"class_list":{"0":"post-92321","1":"product","2":"type-product","3":"status-publish","4":"has-post-thumbnail","6":"product_cat-javni","7":"product_cat-proizvodi-stolovi-niski-stolovi-za-unutarnje-prostore","8":"product_cat-proizvodi","9":"product_cat-prostori","10":"product_cat-prostori-horeca-stolovi-za-unutarnje-prostore","11":"product_cat-prostori-javni-stolovi-za-unutarnje-prostore","12":"product_cat-prostori-rezidencijalni-niski-klubski-stolici-za-unutarnje-prostore","13":"product_cat-prostori-rezidencijalni-stolovi-za-unutarnje-prostore","14":"product_cat-rezidencijalni","15":"product_cat-stolovi","16":"product_cat-proizvodi-stolovi-stolovi-za-unutarnje-prostore","17":"berocket_brand-bt","19":"first","20":"instock","21":"product-type-grouped"},"acf":[],"_links":{"self":[{"href":"https:\/\/cernelic.hr\/en\/wp-json\/wp\/v2\/product\/92321","targetHints":{"allow":["GET"]}}],"collection":[{"href":"https:\/\/cernelic.hr\/en\/wp-json\/wp\/v2\/product"}],"about":[{"href":"https:\/\/cernelic.hr\/en\/wp-json\/wp\/v2\/types\/product"}],"wp:featuredmedia":[{"embeddable":true,"href":"https:\/\/cernelic.hr\/en\/wp-json\/wp\/v2\/media\/91578"}],"wp:attachment":[{"href":"https:\/\/cernelic.hr\/en\/wp-json\/wp\/v2\/media?parent=92321"}],"wp:term":[{"taxonomy":"product_brand","embeddable":true,"href":"https:\/\/cernelic.hr\/en\/wp-json\/wp\/v2\/product_brand?post=92321"},{"taxonomy":"product_cat","embeddable":true,"href":"https:\/\/cernelic.hr\/en\/wp-json\/wp\/v2\/product_cat?post=92321"},{"taxonomy":"product_tag","embeddable":true,"href":"https:\/\/cernelic.hr\/en\/wp-json\/wp\/v2\/product_tag?post=92321"},{"taxonomy":"berocket_brand","embeddable":true,"href":"https:\/\/cernelic.hr\/en\/wp-json\/wp\/v2\/berocket_brand?post=92321"}],"curies":[{"name":"wp","href":"https:\/\/api.w.org\/{rel}","templated":true}]}}